{"id":1597,"date":"2025-03-03T10:34:08","date_gmt":"2025-03-03T10:34:08","guid":{"rendered":"https:\/\/onboatsrental.com\/wp-content\/uploads\/2025\/03\/detalles-yate-cubierta-reflejo-cielo_72229-318.jpg"},"modified":"2025-03-03T10:49:48","modified_gmt":"2025-03-03T10:49:48","slug":"detalles-yate-cubierta-reflejo-cielo_72229-318-2","status":"inherit","type":"attachment","link":"https:\/\/onboatsrental.com\/en\/safe-sailing\/detalles-yate-cubierta-reflejo-cielo_72229-318-2\/","title":{"rendered":""},"author":1,"featured_media":0,"comment_status":"closed","ping_status":"closed","template":"","meta":{"_et_pb_use_builder":"","_et_pb_old_content":"","_et_gb_content_width":""},"class_list":["post-1597","attachment","type-attachment","status-inherit","hentry"],"yoast_head":"<!-- This site is optimized with the Yoast SEO plugin v27.5 - https:\/\/yoast.com\/product\/yoast-seo-wordpress\/ -->\n<title>- Alquiler de Embarcaciones | OnBoats Rental | L&#039;Ametlla de Mar | Catalunya<\/title>\n<meta name=\"robots\" content=\"index, follow, max-snippet:-1, max-image-preview:large, max-video-preview:-1\" \/>\n<link rel=\"canonical\" href=\"https:\/\/onboatsrental.com\/wp-content\/uploads\/2025\/03\/detalles-yate-cubierta-reflejo-cielo_72229-318.jpg\" \/>\n<meta property=\"og:locale\" content=\"en_US\" \/>\n<meta property=\"og:type\" content=\"article\" \/>\n<meta property=\"og:title\" content=\"- Alquiler de Embarcaciones | OnBoats Rental | L&#039;Ametlla de Mar | Catalunya\" \/>\n<meta property=\"og:url\" content=\"https:\/\/onboatsrental.com\/wp-content\/uploads\/2025\/03\/detalles-yate-cubierta-reflejo-cielo_72229-318.jpg\" \/>\n<meta property=\"og:site_name\" content=\"Alquiler de Embarcaciones | OnBoats Rental | L&#039;Ametlla de Mar | Catalunya\" \/>\n<meta property=\"article:modified_time\" content=\"2025-03-03T10:49:48+00:00\" \/>\n<meta property=\"og:image\" content=\"https:\/\/onboatsrental.com\/wp-content\/uploads\/2025\/03\/detalles-yate-cubierta-reflejo-cielo_72229-318.jpg\" \/>\n\t<meta property=\"og:image:width\" content=\"1060\" \/>\n\t<meta property=\"og:image:height\" content=\"706\" \/>\n\t<meta property=\"og:image:type\" content=\"image\/jpeg\" \/>\n<script type=\"application\/ld+json\" class=\"yoast-schema-graph\">{\"@context\":\"https:\\\/\\\/schema.org\",\"@graph\":[{\"@type\":\"WebPage\",\"@id\":\"https:\\\/\\\/onboatsrental.com\\\/wp-content\\\/uploads\\\/2025\\\/03\\\/detalles-yate-cubierta-reflejo-cielo_72229-318.jpg\",\"url\":\"https:\\\/\\\/onboatsrental.com\\\/wp-content\\\/uploads\\\/2025\\\/03\\\/detalles-yate-cubierta-reflejo-cielo_72229-318.jpg\",\"name\":\"- Alquiler de Embarcaciones | OnBoats Rental | L&#039;Ametlla de Mar | Catalunya\",\"isPartOf\":{\"@id\":\"https:\\\/\\\/onboatsrental.com\\\/#website\"},\"datePublished\":\"2025-03-03T10:34:08+00:00\",\"dateModified\":\"2025-03-03T10:49:48+00:00\",\"breadcrumb\":{\"@id\":\"https:\\\/\\\/onboatsrental.com\\\/wp-content\\\/uploads\\\/2025\\\/03\\\/detalles-yate-cubierta-reflejo-cielo_72229-318.jpg#breadcrumb\"},\"inLanguage\":\"en-US\",\"potentialAction\":[{\"@type\":\"ReadAction\",\"target\":[\"https:\\\/\\\/onboatsrental.com\\\/wp-content\\\/uploads\\\/2025\\\/03\\\/detalles-yate-cubierta-reflejo-cielo_72229-318.jpg\"]}]},{\"@type\":\"BreadcrumbList\",\"@id\":\"https:\\\/\\\/onboatsrental.com\\\/wp-content\\\/uploads\\\/2025\\\/03\\\/detalles-yate-cubierta-reflejo-cielo_72229-318.jpg#breadcrumb\",\"itemListElement\":[{\"@type\":\"ListItem\",\"position\":1,\"name\":\"Portada\",\"item\":\"https:\\\/\\\/onboatsrental.com\\\/\"},{\"@type\":\"ListItem\",\"position\":2,\"name\":\"Tips for safe sailing: common mistakes and how to avoid them\",\"item\":\"https:\\\/\\\/onboatsrental.com\\\/navegacion-segura\\\/\"}]},{\"@type\":\"WebSite\",\"@id\":\"https:\\\/\\\/onboatsrental.com\\\/#website\",\"url\":\"https:\\\/\\\/onboatsrental.com\\\/\",\"name\":\"Alquiler de Embarcaciones | OnBoats Rental | L'Ametlla de Mar | Catalunya\",\"description\":\"OnBoats Rental, alquiler de embarcaciones, con y sin titulaci\u00f3n. Ch\u00e1rter de pesca y excursiones n\u00e1uticas. Estamos en el puerto de L&#039;Ametlla de Mar, Tarragona, Catalunya\",\"publisher\":{\"@id\":\"https:\\\/\\\/onboatsrental.com\\\/#organization\"},\"alternateName\":\"OnBoats Rental\",\"potentialAction\":[{\"@type\":\"SearchAction\",\"target\":{\"@type\":\"EntryPoint\",\"urlTemplate\":\"https:\\\/\\\/onboatsrental.com\\\/?s={search_term_string}\"},\"query-input\":{\"@type\":\"PropertyValueSpecification\",\"valueRequired\":true,\"valueName\":\"search_term_string\"}}],\"inLanguage\":\"en-US\"},{\"@type\":\"Organization\",\"@id\":\"https:\\\/\\\/onboatsrental.com\\\/#organization\",\"name\":\"Alquiler de Embarcaciones | OnBoats Rental | L'Ametlla de Mar | Catalunya\",\"url\":\"https:\\\/\\\/onboatsrental.com\\\/\",\"logo\":{\"@type\":\"ImageObject\",\"inLanguage\":\"en-US\",\"@id\":\"https:\\\/\\\/onboatsrental.com\\\/#\\\/schema\\\/logo\\\/image\\\/\",\"url\":\"https:\\\/\\\/onboatsrental.com\\\/wp-content\\\/uploads\\\/2024\\\/06\\\/logo_Onboats.png\",\"contentUrl\":\"https:\\\/\\\/onboatsrental.com\\\/wp-content\\\/uploads\\\/2024\\\/06\\\/logo_Onboats.png\",\"width\":344,\"height\":290,\"caption\":\"Alquiler de Embarcaciones | OnBoats Rental | L'Ametlla de Mar | Catalunya\"},\"image\":{\"@id\":\"https:\\\/\\\/onboatsrental.com\\\/#\\\/schema\\\/logo\\\/image\\\/\"}}]}<\/script>\n<!-- \/ Yoast SEO plugin. -->","yoast_head_json":{"title":"- Alquiler de Embarcaciones | OnBoats Rental | L&#039;Ametlla de Mar | Catalunya","robots":{"index":"index","follow":"follow","max-snippet":"max-snippet:-1","max-image-preview":"max-image-preview:large","max-video-preview":"max-video-preview:-1"},"canonical":"https:\/\/onboatsrental.com\/wp-content\/uploads\/2025\/03\/detalles-yate-cubierta-reflejo-cielo_72229-318.jpg","og_locale":"en_US","og_type":"article","og_title":"- Alquiler de Embarcaciones | OnBoats Rental | L&#039;Ametlla de Mar | Catalunya","og_url":"https:\/\/onboatsrental.com\/wp-content\/uploads\/2025\/03\/detalles-yate-cubierta-reflejo-cielo_72229-318.jpg","og_site_name":"Alquiler de Embarcaciones | OnBoats Rental | L&#039;Ametlla de Mar | Catalunya","article_modified_time":"2025-03-03T10:49:48+00:00","og_image":[{"width":1060,"height":706,"url":"https:\/\/onboatsrental.com\/wp-content\/uploads\/2025\/03\/detalles-yate-cubierta-reflejo-cielo_72229-318.jpg","type":"image\/jpeg"}],"schema":{"@context":"https:\/\/schema.org","@graph":[{"@type":"WebPage","@id":"https:\/\/onboatsrental.com\/wp-content\/uploads\/2025\/03\/detalles-yate-cubierta-reflejo-cielo_72229-318.jpg","url":"https:\/\/onboatsrental.com\/wp-content\/uploads\/2025\/03\/detalles-yate-cubierta-reflejo-cielo_72229-318.jpg","name":"- Alquiler de Embarcaciones | OnBoats Rental | L&#039;Ametlla de Mar | Catalunya","isPartOf":{"@id":"https:\/\/onboatsrental.com\/#website"},"datePublished":"2025-03-03T10:34:08+00:00","dateModified":"2025-03-03T10:49:48+00:00","breadcrumb":{"@id":"https:\/\/onboatsrental.com\/wp-content\/uploads\/2025\/03\/detalles-yate-cubierta-reflejo-cielo_72229-318.jpg#breadcrumb"},"inLanguage":"en-US","potentialAction":[{"@type":"ReadAction","target":["https:\/\/onboatsrental.com\/wp-content\/uploads\/2025\/03\/detalles-yate-cubierta-reflejo-cielo_72229-318.jpg"]}]},{"@type":"BreadcrumbList","@id":"https:\/\/onboatsrental.com\/wp-content\/uploads\/2025\/03\/detalles-yate-cubierta-reflejo-cielo_72229-318.jpg#breadcrumb","itemListElement":[{"@type":"ListItem","position":1,"name":"Portada","item":"https:\/\/onboatsrental.com\/"},{"@type":"ListItem","position":2,"name":"Tips for safe sailing: common mistakes and how to avoid them","item":"https:\/\/onboatsrental.com\/navegacion-segura\/"}]},{"@type":"WebSite","@id":"https:\/\/onboatsrental.com\/#website","url":"https:\/\/onboatsrental.com\/","name":"Alquiler de Embarcaciones | OnBoats Rental | L'Ametlla de Mar | Catalunya","description":"OnBoats Rental, alquiler de embarcaciones, con y sin titulaci\u00f3n. Ch\u00e1rter de pesca y excursiones n\u00e1uticas. Estamos en el puerto de L&#039;Ametlla de Mar, Tarragona, Catalunya","publisher":{"@id":"https:\/\/onboatsrental.com\/#organization"},"alternateName":"OnBoats Rental","potentialAction":[{"@type":"SearchAction","target":{"@type":"EntryPoint","urlTemplate":"https:\/\/onboatsrental.com\/?s={search_term_string}"},"query-input":{"@type":"PropertyValueSpecification","valueRequired":true,"valueName":"search_term_string"}}],"inLanguage":"en-US"},{"@type":"Organization","@id":"https:\/\/onboatsrental.com\/#organization","name":"Alquiler de Embarcaciones | OnBoats Rental | L'Ametlla de Mar | Catalunya","url":"https:\/\/onboatsrental.com\/","logo":{"@type":"ImageObject","inLanguage":"en-US","@id":"https:\/\/onboatsrental.com\/#\/schema\/logo\/image\/","url":"https:\/\/onboatsrental.com\/wp-content\/uploads\/2024\/06\/logo_Onboats.png","contentUrl":"https:\/\/onboatsrental.com\/wp-content\/uploads\/2024\/06\/logo_Onboats.png","width":344,"height":290,"caption":"Alquiler de Embarcaciones | OnBoats Rental | L'Ametlla de Mar | Catalunya"},"image":{"@id":"https:\/\/onboatsrental.com\/#\/schema\/logo\/image\/"}}]}},"smush":"Not processed","description":{"rendered":"<p class=\"attachment\"><a href='https:\/\/onboatsrental.com\/wp-content\/uploads\/2025\/03\/detalles-yate-cubierta-reflejo-cielo_72229-318.jpg'><img decoding=\"async\" width=\"300\" height=\"200\" data-src=\"https:\/\/onboatsrental.com\/wp-content\/uploads\/2025\/03\/detalles-yate-cubierta-reflejo-cielo_72229-318-300x200.jpg\" class=\"attachment-medium size-medium lazyload\" alt=\"safe sailing\" src=\"data:image\/svg+xml;base64,PHN2ZyB3aWR0aD0iMSIgaGVpZ2h0PSIxIiB4bWxucz0iaHR0cDovL3d3dy53My5vcmcvMjAwMC9zdmciPjwvc3ZnPg==\" style=\"--smush-placeholder-width: 300px; --smush-placeholder-aspect-ratio: 300\/200;\" \/><\/a><\/p>\n"},"caption":{"rendered":""},"alt_text":"safe sailing","media_type":"image","mime_type":"image\/jpeg","media_details":{"width":1060,"height":706,"file":"2025\/03\/detalles-yate-cubierta-reflejo-cielo_72229-318.jpg","filesize":129426,"sizes":{"medium":{"file":"detalles-yate-cubierta-reflejo-cielo_72229-318-300x200.jpg","width":300,"height":200,"filesize":15698,"mime_type":"image\/jpeg","source_url":"https:\/\/onboatsrental.com\/wp-content\/uploads\/2025\/03\/detalles-yate-cubierta-reflejo-cielo_72229-318-300x200.jpg"},"large":{"file":"detalles-yate-cubierta-reflejo-cielo_72229-318-1024x682.jpg","width":1024,"height":682,"filesize":100081,"mime_type":"image\/jpeg","source_url":"https:\/\/onboatsrental.com\/wp-content\/uploads\/2025\/03\/detalles-yate-cubierta-reflejo-cielo_72229-318-1024x682.jpg"},"thumbnail":{"file":"detalles-yate-cubierta-reflejo-cielo_72229-318-150x150.jpg","width":150,"height":150,"filesize":7497,"mime_type":"image\/jpeg","source_url":"https:\/\/onboatsrental.com\/wp-content\/uploads\/2025\/03\/detalles-yate-cubierta-reflejo-cielo_72229-318-150x150.jpg"},"medium_large":{"file":"detalles-yate-cubierta-reflejo-cielo_72229-318-768x512.jpg","width":768,"height":512,"filesize":64598,"mime_type":"image\/jpeg","source_url":"https:\/\/onboatsrental.com\/wp-content\/uploads\/2025\/03\/detalles-yate-cubierta-reflejo-cielo_72229-318-768x512.jpg"},"et-pb-post-main-image":{"file":"detalles-yate-cubierta-reflejo-cielo_72229-318-400x250.jpg","width":400,"height":250,"filesize":23131,"mime_type":"image\/jpeg","source_url":"https:\/\/onboatsrental.com\/wp-content\/uploads\/2025\/03\/detalles-yate-cubierta-reflejo-cielo_72229-318-400x250.jpg"},"et-pb-post-main-image-fullwidth":{"file":"detalles-yate-cubierta-reflejo-cielo_72229-318-1060x675.jpg","width":1060,"height":675,"filesize":113251,"mime_type":"image\/jpeg","source_url":"https:\/\/onboatsrental.com\/wp-content\/uploads\/2025\/03\/detalles-yate-cubierta-reflejo-cielo_72229-318-1060x675.jpg"},"et-pb-portfolio-image":{"file":"detalles-yate-cubierta-reflejo-cielo_72229-318-400x284.jpg","width":400,"height":284,"filesize":24962,"mime_type":"image\/jpeg","source_url":"https:\/\/onboatsrental.com\/wp-content\/uploads\/2025\/03\/detalles-yate-cubierta-reflejo-cielo_72229-318-400x284.jpg"},"et-pb-portfolio-module-image":{"file":"detalles-yate-cubierta-reflejo-cielo_72229-318-510x382.jpg","width":510,"height":382,"filesize":37374,"mime_type":"image\/jpeg","source_url":"https:\/\/onboatsrental.com\/wp-content\/uploads\/2025\/03\/detalles-yate-cubierta-reflejo-cielo_72229-318-510x382.jpg"},"et-pb-gallery-module-image-portrait":{"file":"detalles-yate-cubierta-reflejo-cielo_72229-318-400x516.jpg","width":400,"height":516,"filesize":35452,"mime_type":"image\/jpeg","source_url":"https:\/\/onboatsrental.com\/wp-content\/uploads\/2025\/03\/detalles-yate-cubierta-reflejo-cielo_72229-318-400x516.jpg"},"et-pb-image--responsive--tablet":{"file":"detalles-yate-cubierta-reflejo-cielo_72229-318-980x653.jpg","width":980,"height":653,"filesize":94090,"mime_type":"image\/jpeg","source_url":"https:\/\/onboatsrental.com\/wp-content\/uploads\/2025\/03\/detalles-yate-cubierta-reflejo-cielo_72229-318-980x653.jpg"},"et-pb-image--responsive--phone":{"file":"detalles-yate-cubierta-reflejo-cielo_72229-318-480x320.jpg","width":480,"height":320,"filesize":31519,"mime_type":"image\/jpeg","source_url":"https:\/\/onboatsrental.com\/wp-content\/uploads\/2025\/03\/detalles-yate-cubierta-reflejo-cielo_72229-318-480x320.jpg"},"full":{"file":"detalles-yate-cubierta-reflejo-cielo_72229-318.jpg","width":1060,"height":706,"mime_type":"image\/jpeg","source_url":"https:\/\/onboatsrental.com\/wp-content\/uploads\/2025\/03\/detalles-yate-cubierta-reflejo-cielo_72229-318.jpg"}},"image_meta":{"aperture":"0","credit":"","camera":"","caption":"","created_timestamp":"0","copyright":"","focal_length":"0","iso":"0","shutter_speed":"0","title":"","orientation":"0","keywords":[]}},"post":1600,"source_url":"https:\/\/onboatsrental.com\/wp-content\/uploads\/2025\/03\/detalles-yate-cubierta-reflejo-cielo_72229-318.jpg","_links":{"self":[{"href":"https:\/\/onboatsrental.com\/en\/wp-json\/wp\/v2\/media\/1597","targetHints":{"allow":["GET"]}}],"collection":[{"href":"https:\/\/onboatsrental.com\/en\/wp-json\/wp\/v2\/media"}],"about":[{"href":"https:\/\/onboatsrental.com\/en\/wp-json\/wp\/v2\/types\/attachment"}],"author":[{"embeddable":true,"href":"https:\/\/onboatsrental.com\/en\/wp-json\/wp\/v2\/users\/1"}],"wp:attached-to":[{"embeddable":true,"post_type":"post","id":1600,"href":"https:\/\/onboatsrental.com\/en\/wp-json\/wp\/v2\/posts\/1600"}],"curies":[{"name":"wp","href":"https:\/\/api.w.org\/{rel}","templated":true}]}}